{"id":1555,"date":"2013-07-11T07:51:06","date_gmt":"2013-07-11T07:51:06","guid":{"rendered":"http:\/\/themes.themegoods2.com\/sirius\/white\/?post_type=portfolios&amp;p=1341"},"modified":"2013-07-11T07:51:06","modified_gmt":"2013-07-11T07:51:06","slug":"areia","status":"publish","type":"portfolios","link":"https:\/\/mozphoto.com\/en\/portfolios\/areia\/","title":{"rendered":"Sand"},"content":{"rendered":"<div  class=\"one\" style=\"padding:0px 0 0px 0;\" >\n<div class=\"page_content_wrapper withbg\" style=\"background-image:url(https:\/\/miguelperal-photography.com\/wp-content\/uploads\/2020\/04\/000_PROJ_AREIA-1.jpg);background-size:cover;background-position:center center;height:345px;position:relative;\"><\/div>\n<\/div>\n<div class=\"standard_wrapper\">\n<div  class=\"one_half withsmallpadding ppb_header\" style=\"padding-bottom: 20px !important;text-align:left;padding:50px 0 50px 0;\" >\n<div class=\"page_content_wrapper\">\n<div class=\"inner\">\n<div style=\"margin:auto;width:50%\">\n<h2 class=\"ppb_title\" style=\"\">Sand<\/h2>\n<hr class=\"title_break left\" style=\"\"\/>\n<div class=\"ppb_header_content\">\n<p><strong>Este projecto nasceu inicialmente da necessidade de mostrar um para\u00edso natural quase escondido: as Dunas de Chizavane.<\/strong><\/p>\n<\/div>\n<\/div>\n<\/div>\n<\/div>\n<\/div>\n<\/div>\n<div class=\"standard_wrapper\">\n<div  class=\"one_half last withsmallpadding ppb_text\" style=\"padding:50px 0 50px 0;\" >\n<div class=\"standard_wrapper\">\n<div class=\"page_content_wrapper\">\n<div class=\"inner\">\n<div style=\"margin:auto;width:100%\">\n<p>E \u00e9 isto que retrato nestas imagens iniciais, mas que de futuro ser\u00e3o acrescentadas com outras, de outras paragens.<\/p>\n<p>Do projecto inicial que come\u00e7ou com a AREIA, surgiu a ideia de fazer um projecto maior, mais abrangente, mais completo e por isso mais demorado.<\/p>\n<p>Ser\u00e3o 4 projectos reunidos sobre um Projecto &#8220;4 ELEMENTOS&#8221;. Todo o projecto ser\u00e1 a Preto e Branco e os meus elementos s\u00e3o: LUZ (fogo) | C\u00c9U (ar) | AREIA (terra) | MAR (\u00e1gua). <\/p>\n<p>Mas n\u00e3o me limitarei a Chizavane ou Mo\u00e7ambique, antes, proponho-me fotografar dunas, ondas, c\u00e9us e luzes um pouco por onde passe e os melhores registos vir\u00e3o para aqui.<\/p>\n<p>Este projecto estar\u00e1 em permanente actualiza\u00e7\u00e3o e evolu\u00e7\u00e3o. Um dia poder\u00e1 transformar-se num livro ou mesmo uma exposi\u00e7\u00e3o. Ou simplesmente um registo para o futuro.<\/p>\n<p>#i_am_a_happy_photographer<\/p>\n<\/div>\n<\/div>\n<\/div>\n<\/div>\n<\/div>\n<\/div>\n<div class=\"one\" >\n<div class=\"horizontal_gallery\">\n<table class=\"horizontal_gallery_wrapper\">\n<tbody>\n<tr>\n<td><a class=\"fancy-gallery\" data-rel=\"photography_gallery_6250\" data-title=\"\" data-desc=\"\" href=\"https:\/\/miguelperal-photography.com\/wp-content\/uploads\/2020\/04\/000_PROJ_AREIA-1.jpg\"><\/p>\n<div class=\"gallery_image_wrapper\">\n\t\t\t\t    \t<img decoding=\"async\" src=\"https:\/\/miguelperal-photography.com\/wp-content\/uploads\/2020\/04\/000_PROJ_AREIA-1.jpg\" alt=\"\" class=\"horizontal_gallery_img\"\/><\/div>\n<p><\/a><\/p>\n<div class=\"wp-caption aligncenter\">\n<p class=\"wp-caption-text\">\n<\/div>\n<\/td>\n<td><a class=\"fancy-gallery\" data-rel=\"photography_gallery_6250\" data-title=\"\" data-desc=\"\" href=\"https:\/\/miguelperal-photography.com\/wp-content\/uploads\/2020\/04\/000_PROJ_AREIA-2.jpg\"><\/p>\n<div class=\"gallery_image_wrapper\">\n\t\t\t\t    \t<img decoding=\"async\" src=\"https:\/\/miguelperal-photography.com\/wp-content\/uploads\/2020\/04\/000_PROJ_AREIA-2.jpg\" alt=\"\" class=\"horizontal_gallery_img\"\/><\/div>\n<p><\/a><\/p>\n<div class=\"wp-caption aligncenter\">\n<p class=\"wp-caption-text\">\n<\/div>\n<\/td>\n<td><a class=\"fancy-gallery\" data-rel=\"photography_gallery_6250\" data-title=\"\" data-desc=\"\" href=\"https:\/\/miguelperal-photography.com\/wp-content\/uploads\/2020\/04\/000_PROJ_AREIA-3.jpg\"><\/p>\n<div class=\"gallery_image_wrapper\">\n\t\t\t\t    \t<img decoding=\"async\" src=\"https:\/\/miguelperal-photography.com\/wp-content\/uploads\/2020\/04\/000_PROJ_AREIA-3.jpg\" alt=\"\" class=\"horizontal_gallery_img\"\/><\/div>\n<p><\/a><\/p>\n<div class=\"wp-caption aligncenter\">\n<p class=\"wp-caption-text\">\n<\/div>\n<\/td>\n<td><a class=\"fancy-gallery\" data-rel=\"photography_gallery_6250\" data-title=\"\" data-desc=\"\" href=\"https:\/\/miguelperal-photography.com\/wp-content\/uploads\/2020\/04\/000_PROJ_AREIA-4.jpg\"><\/p>\n<div class=\"gallery_image_wrapper\">\n\t\t\t\t    \t<img decoding=\"async\" src=\"https:\/\/miguelperal-photography.com\/wp-content\/uploads\/2020\/04\/000_PROJ_AREIA-4.jpg\" alt=\"\" class=\"horizontal_gallery_img\"\/><\/div>\n<p><\/a><\/p>\n<div class=\"wp-caption aligncenter\">\n<p class=\"wp-caption-text\">\n<\/div>\n<\/td>\n<td><a class=\"fancy-gallery\" data-rel=\"photography_gallery_6250\" data-title=\"\" data-desc=\"\" href=\"https:\/\/miguelperal-photography.com\/wp-content\/uploads\/2020\/04\/000_PROJ_AREIA-5.jpg\"><\/p>\n<div class=\"gallery_image_wrapper\">\n\t\t\t\t    \t<img decoding=\"async\" src=\"https:\/\/miguelperal-photography.com\/wp-content\/uploads\/2020\/04\/000_PROJ_AREIA-5.jpg\" alt=\"\" class=\"horizontal_gallery_img\"\/><\/div>\n<p><\/a><\/p>\n<div class=\"wp-caption aligncenter\">\n<p class=\"wp-caption-text\">\n<\/div>\n<\/td>\n<td><a class=\"fancy-gallery\" data-rel=\"photography_gallery_6250\" data-title=\"\" data-desc=\"\" href=\"https:\/\/miguelperal-photography.com\/wp-content\/uploads\/2020\/04\/000_PROJ_AREIA-6.jpg\"><\/p>\n<div class=\"gallery_image_wrapper\">\n\t\t\t\t    \t<img decoding=\"async\" src=\"https:\/\/miguelperal-photography.com\/wp-content\/uploads\/2020\/04\/000_PROJ_AREIA-6.jpg\" alt=\"\" class=\"horizontal_gallery_img\"\/><\/div>\n<p><\/a><\/p>\n<div class=\"wp-caption aligncenter\">\n<p class=\"wp-caption-text\">\n<\/div>\n<\/td>\n<td><a class=\"fancy-gallery\" data-rel=\"photography_gallery_6250\" data-title=\"\" data-desc=\"\" href=\"https:\/\/miguelperal-photography.com\/wp-content\/uploads\/2020\/04\/000_PROJ_AREIA-7.jpg\"><\/p>\n<div class=\"gallery_image_wrapper\">\n\t\t\t\t    \t<img decoding=\"async\" src=\"https:\/\/miguelperal-photography.com\/wp-content\/uploads\/2020\/04\/000_PROJ_AREIA-7.jpg\" alt=\"\" class=\"horizontal_gallery_img\"\/><\/div>\n<p><\/a><\/p>\n<div class=\"wp-caption aligncenter\">\n<p class=\"wp-caption-text\">\n<\/div>\n<\/td>\n<td><a class=\"fancy-gallery\" data-rel=\"photography_gallery_6250\" data-title=\"\" data-desc=\"\" href=\"https:\/\/miguelperal-photography.com\/wp-content\/uploads\/2020\/04\/000_PROJ_AREIA-8.jpg\"><\/p>\n<div class=\"gallery_image_wrapper\">\n\t\t\t\t    \t<img decoding=\"async\" src=\"https:\/\/miguelperal-photography.com\/wp-content\/uploads\/2020\/04\/000_PROJ_AREIA-8.jpg\" alt=\"\" class=\"horizontal_gallery_img\"\/><\/div>\n<p><\/a><\/p>\n<div class=\"wp-caption aligncenter\">\n<p class=\"wp-caption-text\">\n<\/div>\n<\/td>\n<td><a class=\"fancy-gallery\" data-rel=\"photography_gallery_6250\" data-title=\"\" data-desc=\"\" href=\"https:\/\/miguelperal-photography.com\/wp-content\/uploads\/2020\/04\/000_PROJ_AREIA-9.jpg\"><\/p>\n<div class=\"gallery_image_wrapper\">\n\t\t\t\t    \t<img decoding=\"async\" src=\"https:\/\/miguelperal-photography.com\/wp-content\/uploads\/2020\/04\/000_PROJ_AREIA-9.jpg\" alt=\"\" class=\"horizontal_gallery_img\"\/><\/div>\n<p><\/a><\/p>\n<div class=\"wp-caption aligncenter\">\n<p class=\"wp-caption-text\">\n<\/div>\n<\/td>\n<td><a class=\"fancy-gallery\" data-rel=\"photography_gallery_6250\" data-title=\"\" data-desc=\"\" href=\"https:\/\/miguelperal-photography.com\/wp-content\/uploads\/2020\/04\/000_PROJ_AREIA-10.jpg\"><\/p>\n<div class=\"gallery_image_wrapper\">\n\t\t\t\t    \t<img decoding=\"async\" src=\"https:\/\/miguelperal-photography.com\/wp-content\/uploads\/2020\/04\/000_PROJ_AREIA-10.jpg\" alt=\"\" class=\"horizontal_gallery_img\"\/><\/div>\n<p><\/a><\/p>\n<div class=\"wp-caption aligncenter\">\n<p class=\"wp-caption-text\">\n<\/div>\n<\/td>\n<td><a class=\"fancy-gallery\" data-rel=\"photography_gallery_6250\" data-title=\"\" data-desc=\"\" href=\"https:\/\/miguelperal-photography.com\/wp-content\/uploads\/2020\/04\/000_PROJ_AREIA-11.jpg\"><\/p>\n<div class=\"gallery_image_wrapper\">\n\t\t\t\t    \t<img decoding=\"async\" src=\"https:\/\/miguelperal-photography.com\/wp-content\/uploads\/2020\/04\/000_PROJ_AREIA-11.jpg\" alt=\"\" class=\"horizontal_gallery_img\"\/><\/div>\n<p><\/a><\/p>\n<div class=\"wp-caption aligncenter\">\n<p class=\"wp-caption-text\">\n<\/div>\n<\/td>\n<td><a class=\"fancy-gallery\" data-rel=\"photography_gallery_6250\" data-title=\"\" data-desc=\"\" href=\"https:\/\/miguelperal-photography.com\/wp-content\/uploads\/2020\/04\/000_PROJ_AREIA-12.jpg\"><\/p>\n<div class=\"gallery_image_wrapper\">\n\t\t\t\t    \t<img decoding=\"async\" src=\"https:\/\/miguelperal-photography.com\/wp-content\/uploads\/2020\/04\/000_PROJ_AREIA-12.jpg\" alt=\"\" class=\"horizontal_gallery_img\"\/><\/div>\n<p><\/a><\/p>\n<div class=\"wp-caption aligncenter\">\n<p class=\"wp-caption-text\">\n<\/div>\n<\/td>\n<\/tr>\n<\/tbody>\n<\/table><\/div>\n<\/p><\/div>","protected":false},"excerpt":{"rendered":"<p>Sand \/ Landscape<\/p>","protected":false},"featured_media":6106,"comment_status":"closed","ping_status":"closed","template":"","_links":{"self":[{"href":"https:\/\/mozphoto.com\/en\/wp-json\/wp\/v2\/portfolios\/1555"}],"collection":[{"href":"https:\/\/mozphoto.com\/en\/wp-json\/wp\/v2\/portfolios"}],"about":[{"href":"https:\/\/mozphoto.com\/en\/wp-json\/wp\/v2\/types\/portfolios"}],"replies":[{"embeddable":true,"href":"https:\/\/mozphoto.com\/en\/wp-json\/wp\/v2\/comments?post=1555"}],"wp:featuredmedia":[{"embeddable":true,"href":"https:\/\/mozphoto.com\/en\/wp-json\/wp\/v2\/media\/6106"}],"wp:attachment":[{"href":"https:\/\/mozphoto.com\/en\/wp-json\/wp\/v2\/media?parent=1555"}],"curies":[{"name":"wp","href":"https:\/\/api.w.org\/{rel}","templated":true}]}}