{"id":5939,"date":"2020-04-16T17:51:51","date_gmt":"2020-04-16T17:51:51","guid":{"rendered":"https:\/\/miguelperal-photography.com\/?post_type=portfolios&amp;p=5939"},"modified":"2020-04-16T17:51:51","modified_gmt":"2020-04-16T17:51:51","slug":"mar","status":"publish","type":"portfolios","link":"https:\/\/mozphoto.com\/en\/portfolios\/mar\/","title":{"rendered":"Sea"},"content":{"rendered":"<div  class=\"one\" style=\"padding:0px 0 0px 0;\" >\n<div class=\"page_content_wrapper withbg\" style=\"background-image:url(https:\/\/miguelperal-photography.com\/wp-content\/uploads\/2020\/04\/WEBSITE_PROJ_MAR-01-0021.jpg);background-size:cover;background-position:center center;height:360px;position:relative;\"><\/div>\n<\/div>\n<div class=\"standard_wrapper\">\n<div  class=\"one_half withsmallpadding ppb_header\" style=\"padding-bottom: 20px !important;text-align:left;padding:50px 0 50px 0;\" >\n<div class=\"page_content_wrapper\">\n<div class=\"inner\">\n<div style=\"margin:auto;width:50%\">\n<h2 class=\"ppb_title\" style=\"\">Sea<\/h2>\n<hr class=\"title_break left\" style=\"\"\/>\n<div class=\"ppb_header_content\">\n<p><strong>Este projecto nasceu inicialmente da necessidade de mostrar um para\u00edso natural quase escondido: as Dunas de Chizavane. Do projecto inicial que come\u00e7ou com a AREIA, surgiu a ideia de fazer um projecto maior, mais abrangente, mais completo e por isso mais demorado.<\/strong><\/p>\n<\/div>\n<\/div>\n<\/div>\n<\/div>\n<\/div>\n<\/div>\n<div class=\"standard_wrapper\">\n<div  class=\"one_half last withsmallpadding ppb_text\" style=\"padding:50px 0 50px 0;\" >\n<div class=\"standard_wrapper\">\n<div class=\"page_content_wrapper\">\n<div class=\"inner\">\n<div style=\"margin:auto;width:100%\">\n<p>Ser\u00e3o 4 projectos reunidos sobre um Projecto &#8220;4 ELEMENTOS&#8221;. Todo o projecto ser\u00e1 a Preto e Branco e os meus elementos s\u00e3o: LUZ (fogo) | C\u00c9U (ar) | AREIA (terra) | MAR (\u00e1gua). <\/p>\n<p>Mas n\u00e3o me limitarei a Chizavane ou Mo\u00e7ambique, antes, proponho-me fotografar dunas, ondas, c\u00e9us e luzes um pouco por onde passe e os melhores registos vir\u00e3o para aqui.<\/p>\n<p>Este projecto estar\u00e1 em permanente actualiza\u00e7\u00e3o e evolu\u00e7\u00e3o. Um dia poder\u00e1 transformar-se num livro ou mesmo uma exposi\u00e7\u00e3o. Ou simplesmente um registo para o futuro.<\/p>\n<p>#i_am_a_happy_photographer<\/p>\n<\/div>\n<\/div>\n<\/div>\n<\/div>\n<\/div>\n<\/div>\n<div class=\"one\" >\n<div class=\"horizontal_gallery\">\n<table class=\"horizontal_gallery_wrapper\">\n<tbody>\n<tr>\n<td><a class=\"fancy-gallery\" data-rel=\"photography_gallery_6246\" data-title=\"\" data-desc=\"\" href=\"https:\/\/miguelperal-photography.com\/wp-content\/uploads\/2020\/04\/WEBSITE_PROJ_MAR-01-0021.jpg\"><\/p>\n<div class=\"gallery_image_wrapper\">\n\t\t\t\t    \t<img decoding=\"async\" src=\"https:\/\/miguelperal-photography.com\/wp-content\/uploads\/2020\/04\/WEBSITE_PROJ_MAR-01-0021.jpg\" alt=\"\" class=\"horizontal_gallery_img\"\/><\/div>\n<p><\/a><\/p>\n<div class=\"wp-caption aligncenter\">\n<p class=\"wp-caption-text\">\n<\/div>\n<\/td>\n<td><a class=\"fancy-gallery\" data-rel=\"photography_gallery_6246\" data-title=\"\" data-desc=\"\" href=\"https:\/\/miguelperal-photography.com\/wp-content\/uploads\/2020\/04\/WEBSITE_PROJ_MAR-02-0033.jpg\"><\/p>\n<div class=\"gallery_image_wrapper\">\n\t\t\t\t    \t<img decoding=\"async\" src=\"https:\/\/miguelperal-photography.com\/wp-content\/uploads\/2020\/04\/WEBSITE_PROJ_MAR-02-0033.jpg\" alt=\"\" class=\"horizontal_gallery_img\"\/><\/div>\n<p><\/a><\/p>\n<div class=\"wp-caption aligncenter\">\n<p class=\"wp-caption-text\">\n<\/div>\n<\/td>\n<td><a class=\"fancy-gallery\" data-rel=\"photography_gallery_6246\" data-title=\"\" data-desc=\"\" href=\"https:\/\/miguelperal-photography.com\/wp-content\/uploads\/2020\/04\/WEBSITE_PROJ_MAR-03-0038.jpg\"><\/p>\n<div class=\"gallery_image_wrapper\">\n\t\t\t\t    \t<img decoding=\"async\" src=\"https:\/\/miguelperal-photography.com\/wp-content\/uploads\/2020\/04\/WEBSITE_PROJ_MAR-03-0038.jpg\" alt=\"\" class=\"horizontal_gallery_img\"\/><\/div>\n<p><\/a><\/p>\n<div class=\"wp-caption aligncenter\">\n<p class=\"wp-caption-text\">\n<\/div>\n<\/td>\n<td><a class=\"fancy-gallery\" data-rel=\"photography_gallery_6246\" data-title=\"\" data-desc=\"\" href=\"https:\/\/miguelperal-photography.com\/wp-content\/uploads\/2020\/04\/WEBSITE_PROJ_MAR-04-0092.jpg\"><\/p>\n<div class=\"gallery_image_wrapper\">\n\t\t\t\t    \t<img decoding=\"async\" src=\"https:\/\/miguelperal-photography.com\/wp-content\/uploads\/2020\/04\/WEBSITE_PROJ_MAR-04-0092.jpg\" alt=\"\" class=\"horizontal_gallery_img\"\/><\/div>\n<p><\/a><\/p>\n<div class=\"wp-caption aligncenter\">\n<p class=\"wp-caption-text\">\n<\/div>\n<\/td>\n<td><a class=\"fancy-gallery\" data-rel=\"photography_gallery_6246\" data-title=\"\" data-desc=\"\" href=\"https:\/\/miguelperal-photography.com\/wp-content\/uploads\/2020\/04\/WEBSITE_PROJ_MAR-05-0016.jpg\"><\/p>\n<div class=\"gallery_image_wrapper\">\n\t\t\t\t    \t<img decoding=\"async\" src=\"https:\/\/miguelperal-photography.com\/wp-content\/uploads\/2020\/04\/WEBSITE_PROJ_MAR-05-0016.jpg\" alt=\"\" class=\"horizontal_gallery_img\"\/><\/div>\n<p><\/a><\/p>\n<div class=\"wp-caption aligncenter\">\n<p class=\"wp-caption-text\">\n<\/div>\n<\/td>\n<td><a class=\"fancy-gallery\" data-rel=\"photography_gallery_6246\" data-title=\"\" data-desc=\"\" href=\"https:\/\/miguelperal-photography.com\/wp-content\/uploads\/2020\/04\/WEBSITE_PROJ_MAR-06-0056.jpg\"><\/p>\n<div class=\"gallery_image_wrapper\">\n\t\t\t\t    \t<img decoding=\"async\" src=\"https:\/\/miguelperal-photography.com\/wp-content\/uploads\/2020\/04\/WEBSITE_PROJ_MAR-06-0056.jpg\" alt=\"\" class=\"horizontal_gallery_img\"\/><\/div>\n<p><\/a><\/p>\n<div class=\"wp-caption aligncenter\">\n<p class=\"wp-caption-text\">\n<\/div>\n<\/td>\n<td><a class=\"fancy-gallery\" data-rel=\"photography_gallery_6246\" data-title=\"\" data-desc=\"\" href=\"https:\/\/miguelperal-photography.com\/wp-content\/uploads\/2020\/04\/WEBSITE_PROJ_MAR-07-0164.jpg\"><\/p>\n<div class=\"gallery_image_wrapper\">\n\t\t\t\t    \t<img decoding=\"async\" src=\"https:\/\/miguelperal-photography.com\/wp-content\/uploads\/2020\/04\/WEBSITE_PROJ_MAR-07-0164.jpg\" alt=\"\" class=\"horizontal_gallery_img\"\/><\/div>\n<p><\/a><\/p>\n<div class=\"wp-caption aligncenter\">\n<p class=\"wp-caption-text\">\n<\/div>\n<\/td>\n<td><a class=\"fancy-gallery\" data-rel=\"photography_gallery_6246\" data-title=\"\" data-desc=\"\" href=\"https:\/\/miguelperal-photography.com\/wp-content\/uploads\/2020\/04\/WEBSITE_PROJ_MAR-08-0108.jpg\"><\/p>\n<div class=\"gallery_image_wrapper\">\n\t\t\t\t    \t<img decoding=\"async\" src=\"https:\/\/miguelperal-photography.com\/wp-content\/uploads\/2020\/04\/WEBSITE_PROJ_MAR-08-0108.jpg\" alt=\"\" class=\"horizontal_gallery_img\"\/><\/div>\n<p><\/a><\/p>\n<div class=\"wp-caption aligncenter\">\n<p class=\"wp-caption-text\">\n<\/div>\n<\/td>\n<\/tr>\n<\/tbody>\n<\/table><\/div>\n<\/p><\/div>","protected":false},"excerpt":{"rendered":"<p>Sea \/ Landscape<\/p>","protected":false},"featured_media":6072,"comment_status":"closed","ping_status":"closed","template":"","_links":{"self":[{"href":"https:\/\/mozphoto.com\/en\/wp-json\/wp\/v2\/portfolios\/5939"}],"collection":[{"href":"https:\/\/mozphoto.com\/en\/wp-json\/wp\/v2\/portfolios"}],"about":[{"href":"https:\/\/mozphoto.com\/en\/wp-json\/wp\/v2\/types\/portfolios"}],"replies":[{"embeddable":true,"href":"https:\/\/mozphoto.com\/en\/wp-json\/wp\/v2\/comments?post=5939"}],"wp:featuredmedia":[{"embeddable":true,"href":"https:\/\/mozphoto.com\/en\/wp-json\/wp\/v2\/media\/6072"}],"wp:attachment":[{"href":"https:\/\/mozphoto.com\/en\/wp-json\/wp\/v2\/media?parent=5939"}],"curies":[{"name":"wp","href":"https:\/\/api.w.org\/{rel}","templated":true}]}}